{"id":56,"date":"2023-04-17T07:15:58","date_gmt":"2023-04-17T07:15:58","guid":{"rendered":"https:\/\/suomenrehtorit.fi\/web\/?page_id=56"},"modified":"2026-01-14T11:54:29","modified_gmt":"2026-01-14T09:54:29","slug":"edustukset","status":"publish","type":"page","link":"https:\/\/suomenrehtorit.fi\/web\/suomen-rehtorit-ry\/edustukset\/","title":{"rendered":"Edustukset"},"content":{"rendered":"\n<ul class=\"wp-block-list\">\n<li>KARVI arviointineuvosto: P\u00e4ivi Ikola 10.6.2022\u201331.5.2026.<\/li>\n\n\n\n<li>EDUCA Lippulaivan Sidosryhmien neuvottelukunta: P\u00e4ivi Ikola 2025-2026<\/li>\n\n\n\n<li>OKM toimenpiteit\u00e4 perusopetuksen oppimistulosten vahvistamiseksi valmisteleva ty\u00f6ryhm\u00e4: Jari Koski 1.4.2024-31.5.2026.<\/li>\n\n\n\n<li>OKM lukiokoulutuksen seurantaryhm\u00e4: Jyrki Rosti, 15.10.2023 \u2013 30.6.2026.<\/li>\n\n\n\n<li>OKM ja Jyv\u00e4skyl\u00e4n yliopiston Koulutuksen tutkimuslaitos TALIS 2024 -tutkimuksen ohjausryhm\u00e4: P\u00e4ivi Ikola.<\/li>\n\n\n\n<li>OKM Opettajan koulutusfoorumin ty\u00f6valiokunta: P\u00e4ivi Ikola, 2024-2027.<\/li>\n\n\n\n<li>EDUCA-tapahtuman kehitys- ja ohjelmaryhm\u00e4: Toni Lehtinen, jatkuva.<\/li>\n\n\n\n<li>Kansallinen LUMA-neuvottelukunta: Pertti Tuomi, jatkuva.<\/li>\n\n\n\n<li>Kodin ja Koulun P\u00e4iv\u00e4 -ty\u00f6ryhm\u00e4: Agneta Torsell, jatkuva.<\/li>\n\n\n\n<li>Oppilaitosturvallisuuden ty\u00f6ryhm\u00e4: Agneta Torsell, jatkuva.<\/li>\n\n\n\n<li>Suomen Kasvatustieteellinen Seura, Sivistys, hallinto ja tutkimus \u2013ryhm\u00e4: Kaisa Isotalo, jatkuva.<\/li>\n\n\n\n<li>YTL Ylioppilastutkinnon kehitt\u00e4misen seurantaryhm\u00e4: Juha Kujanp\u00e4\u00e4 2025-2028.<\/li>\n\n\n\n<li>Savuton Suomi 2030 -ohjausryhm\u00e4: Sari Hakola 13.1.2020\u2013.<\/li>\n\n\n\n<li>Valtakunnallisen Kieliverkoston ohjausryhm\u00e4 2026\u20132028: Agneta Torsell<\/li>\n<\/ul>\n\n\n\n<h2 class=\"wp-block-heading\">P\u00e4\u00e4ttyneet edustukset<\/h2>\n\n\n\n<ul class=\"wp-block-list\">\n<li>OPH Tuen johtamisen kehitt\u00e4misryhm\u00e4: P\u00e4ivi Ikola 2024\u20132025.<\/li>\n\n\n\n<li>KARVI Opinto-ohjauksen uusien muotojen arvioinnin arviointiryhm\u00e4: P\u00e4ivi Ikola 2023 &#8211; 2024.<\/li>\n\n\n\n<li>OPH Romanien koulutusta tukeva ohjausryhm\u00e4: Anne Laatikainen, 2022\u20132025.<\/li>\n\n\n\n<li>Yritys Hyv\u00e4 2024 -kilpailun arviointity\u00f6ryhm\u00e4: Meri Aatsinki-H\u00e4m\u00e4l\u00e4inen.<\/li>\n\n\n\n<li>OKM Jatkuvan oppimisen seurantaryhm\u00e4: Agneta Torsell, p\u00e4\u00e4ttyi 23.3.2023.<\/li>\n\n\n\n<li>OKM Opettajankoulutusfoorumi: P\u00e4ivi Ikola, varaj\u00e4sen Henry Lepp\u00e4aho, p\u00e4\u00e4ttyi 31.12.2023.<\/li>\n\n\n\n<li>OKM demokratia- ja ihmisoikeuskasvatuksen kehitt\u00e4misen ohjausryhm\u00e4: Jari Koski, varaj\u00e4sen Sari Hakola, toimikausi 22.6.2020\u20131.6.2023.<\/li>\n\n\n\n<li>MMM Kouluruuan kehitt\u00e4misohjelman ty\u00f6ryhm\u00e4n Kouluruoka 2.0: Kaisa Isotalo, Auvo Huotari, toimikausi 1.11.2021\u2013p\u00e4\u00e4ministeri Marinin hallituksen toimikauden loppuun, kuitenkin enint\u00e4\u00e4n 31.3.2023 saakka.<\/li>\n\n\n\n<li>OKM Lukiokoulutuksen laatu- ja saavutettavuusohjelma 2021\u20132022 -seurantaryhm\u00e4: Inka Kokkonen, toimikausi 1.5.2021\u201331.12.2022.<\/li>\n\n\n\n<li>OPH katsomusaineiden uudistamista koskeva kehitt\u00e4misryhm\u00e4: Antti Ikonen 11\/2022\u20132024.<\/li>\n\n\n\n<li>OPH Perusopetuksen oppimisen arvioinnin kehitt\u00e4mist\u00e4 ohjaava ohjausryhm\u00e4: P\u00e4ivi Ikola, p\u00e4\u00e4ttyi 31.12.2022.<\/li>\n\n\n\n<li>OPH kiusaamisen, h\u00e4irinn\u00e4n, syrjinn\u00e4n, vihapuheen ja v\u00e4kivallan ehk\u00e4isyn sivuston tukiryhm\u00e4: Marko Kuvaja, p\u00e4\u00e4ttyi 31.12.2022.<\/li>\n\n\n\n<li>Ammattikorkeakoulujen rehtorineuvosto Arene ry Ammattikorkeakoulujen vetovoimaty\u00f6skentelyn seurantaryhm\u00e4: Pertti Tuomi, p\u00e4\u00e4ttyi 5\/2022.<\/li>\n\n\n\n<li>KARVI arviointineuvosto: Antti Ikonen, p\u00e4\u00e4ttynyt 31.5.2022.<\/li>\n\n\n\n<li>KAJO-hankkeen ohjausryhm\u00e4: Anne Laatikainen.<\/li>\n\n\n\n<li>OPH Lukioiden kehitt\u00e4misverkoston asiantuntijaryhm\u00e4: Kimmo Laitinen.<\/li>\n\n\n\n<li>OKM Oppivelvollisuuden pident\u00e4mist\u00e4 koskeva seurantaryhm\u00e4: P\u00e4ivi Ikola, toimikausi 2.9.2019\u201331.12.2021.<\/li>\n\n\n\n<li>Pedagogisten opettajaj\u00e4rjest\u00f6jen toimikunta: Anne Laatikainen, 2018\u20132020.<\/li>\n\n\n\n<li>OPH Romaniv\u00e4est\u00f6n koulutustiimin ohjausryhm\u00e4: Kimmo Laitinen, p\u00e4\u00e4ttyi 31.12.2021.<\/li>\n\n\n\n<li>Suomen Kuntaliiton lukiorehtoriverkosto: puheenjohtajuus, Kimmo Laitinen.<\/li>\n\n\n\n<li>OKM Lukiokoulutuksen rahoituksen uudistaminen -ty\u00f6ryhm\u00e4: Marja-Leena Ruha-Tuomola, p\u00e4\u00e4ttyi 31.8.2019.<\/li>\n\n\n\n<li>OKM Jatkuvan oppimisen ty\u00f6ryhm\u00e4: Agneta Torsell, p\u00e4\u00e4ttyi 31.12.2019.<\/li>\n\n\n\n<li>Kiusaamisen ehk\u00e4isy\u00e4 ja koulurauhaa pohtiva ty\u00f6ryhm\u00e4: P\u00e4ivi Ikola, p\u00e4\u00e4ttyi 16.3.2018.<\/li>\n\n\n\n<li>OKM tutkintojen viitekehysty\u00f6ryhm\u00e4: Vesa Rinta-S\u00e4ntti, p\u00e4\u00e4ttyi 31.12.2018.<\/li>\n\n\n\n<li>OKM Perusopetuksen kieltenopetuksen kehitt\u00e4misen ty\u00f6ryhm\u00e4: P\u00e4ivi Ikola tai Vesa Rinta-S\u00e4ntti, p\u00e4\u00e4ttyi 31.10.2019.<\/li>\n\n\n\n<li>OKM Uusi lukio -hankkeen seurantaryhm\u00e4: Kimmo Laitinen, p\u00e4\u00e4ttyi 30.6.2019.<\/li>\n\n\n\n<li>OKM Elinik\u00e4isen oppimisen ty\u00f6ryhm\u00e4: Vesa Rinta-S\u00e4ntti, p\u00e4\u00e4ttyi 8.2.2018.<\/li>\n\n\n\n<li>OKM Maahanmuuttoasioita koskeva ohjausryhm\u00e4: Jukka Kuittinen, p\u00e4\u00e4ttynyt.<\/li>\n\n\n\n<li>OPH Lukion opetussuunnitelman perustety\u00f6n ohjausryhm\u00e4: Kimmo Laitinen, p\u00e4\u00e4ttynyt 2019.<\/li>\n\n\n\n<li>OKM Liikkuva koulu -ohjausryhm\u00e4: P\u00e4ivi Ikola.<\/li>\n\n\n\n<li>OPH Peruskoulufoorumin seurantaryhm\u00e4: Antti Ikonen, p\u00e4\u00e4ttyi 31.12.2019.<\/li>\n\n\n\n<li>OKM Yo-tutkinnon kehitt\u00e4misty\u00f6ryhm\u00e4: Riikka Lindroos.<\/li>\n<\/ul>\n","protected":false},"excerpt":{"rendered":"<p>P\u00e4\u00e4ttyneet edustukset<\/p>\n","protected":false},"author":2,"featured_media":0,"parent":274,"menu_order":0,"comment_status":"closed","ping_status":"closed","template":"","meta":{"_uag_custom_page_level_css":"","_mc_calendar":[],"footnotes":""},"class_list":["post-56","page","type-page","status-publish"],"uagb_featured_image_src":{"full":false,"thumbnail":false,"medium":false,"medium_large":false,"large":false,"magazine-cw3":false,"magazine-cw6":false,"magazine-cw9":false,"magazine-cw12":false,"magazine-thumb":false,"magazine-toc":false,"1536x1536":false,"2048x2048":false,"gform-image-choice-sm":false,"gform-image-choice-md":false,"gform-image-choice-lg":false},"uagb_author_info":{"display_name":"Miira Tirkkonen","author_link":"https:\/\/suomenrehtorit.fi\/web\/author\/miirat\/"},"uagb_comment_info":0,"uagb_excerpt":"P\u00e4\u00e4ttyneet edustukset","_links":{"self":[{"href":"https:\/\/suomenrehtorit.fi\/web\/wp-json\/wp\/v2\/pages\/56","targetHints":{"allow":["GET"]}}],"collection":[{"href":"https:\/\/suomenrehtorit.fi\/web\/wp-json\/wp\/v2\/pages"}],"about":[{"href":"https:\/\/suomenrehtorit.fi\/web\/wp-json\/wp\/v2\/types\/page"}],"author":[{"embeddable":true,"href":"https:\/\/suomenrehtorit.fi\/web\/wp-json\/wp\/v2\/users\/2"}],"replies":[{"embeddable":true,"href":"https:\/\/suomenrehtorit.fi\/web\/wp-json\/wp\/v2\/comments?post=56"}],"version-history":[{"count":17,"href":"https:\/\/suomenrehtorit.fi\/web\/wp-json\/wp\/v2\/pages\/56\/revisions"}],"predecessor-version":[{"id":5084,"href":"https:\/\/suomenrehtorit.fi\/web\/wp-json\/wp\/v2\/pages\/56\/revisions\/5084"}],"up":[{"embeddable":true,"href":"https:\/\/suomenrehtorit.fi\/web\/wp-json\/wp\/v2\/pages\/274"}],"wp:attachment":[{"href":"https:\/\/suomenrehtorit.fi\/web\/wp-json\/wp\/v2\/media?parent=56"}],"curies":[{"name":"wp","href":"https:\/\/api.w.org\/{rel}","templated":true}]}}