{"id":58,"date":"2023-04-17T07:16:12","date_gmt":"2023-04-17T07:16:12","guid":{"rendered":"https:\/\/suomenrehtorit.fi\/web\/?page_id=58"},"modified":"2025-08-29T08:23:04","modified_gmt":"2025-08-29T05:23:04","slug":"kansainvalisyys","status":"publish","type":"page","link":"https:\/\/suomenrehtorit.fi\/web\/suomen-rehtorit-ry\/kansainvalisyys\/","title":{"rendered":"Kansainv\u00e4lisyys"},"content":{"rendered":"\n<p>Suomen Rehtorit ry on j\u00e4senen\u00e4 kolmessa kansainv\u00e4lisess\u00e4 j\u00e4rjest\u00f6ss\u00e4 ja osallistuu niiden p\u00e4\u00e4t\u00f6ksentekoon, vuosittaisiin kokouksiin ja konferensseihin. SURE:n j\u00e4senen\u00e4 olet my\u00f6s ICP:n ja ESHA:n j\u00e4sen.<\/p>\n\n\n\n<figure class=\"wp-block-image size-full\"><img loading=\"lazy\" decoding=\"async\" width=\"226\" height=\"205\" src=\"https:\/\/suomenrehtorit.fi\/web\/wp-content\/uploads\/sites\/2\/2025\/05\/NEW-ICP_knock-out-1.webp\" alt=\"\" class=\"wp-image-4687\" \/><\/figure>\n\n\n\n<h2 class=\"wp-block-heading\">Maailman rehtorij\u00e4rjest\u00f6 <a rel=\"noreferrer noopener\" href=\"http:\/\/www.icponline.org\/\" target=\"_blank\">International Confederation of Principals ICP<\/a><\/h2>\n\n\n\n<ul class=\"wp-block-list\">\n<li>Maailmanlaajuinen rehtorij\u00e4rjest\u00f6jen katto-organisaatio.<\/li>\n\n\n\n<li>Suomen Rehtorit ry on ICP:n j\u00e4senyhdistys.<\/li>\n\n\n\n<li>J\u00e4rjest\u00e4\u00e4 koulutus- ja kehitt\u00e4mistoimintaa monilla koulutussektoreilla.<\/li>\n\n\n\n<li>Suomalaisedustus ICP:n toiminnassa on ollut aina eritt\u00e4in merkitt\u00e4v\u00e4\u00e4. ICP:n puheenjohtajina ovat toimineet SUREn entiset puheenjohtajat Ari Pokka (2014\u20132015) ja Antero Penttil\u00e4.<\/li>\n\n\n\n<li>ICP:n konventio (kongressi) j\u00e4rjestet\u00e4\u00e4n joka toinen vuosi. Seuraavaksi se pidet\u00e4\u00e4n syyskuussa 2026 Aucklandissa, Uudessa-Seelannissa.<\/li>\n\n\n\n<li>Syyskuussa 2023 j\u00e4rjestettiin Rovaniemell\u00e4 ICP:n Emerging Leaders Forum ja Councilin kokous.<\/li>\n<\/ul>\n\n\n\n<figure class=\"wp-block-image size-large is-resized\"><img loading=\"lazy\" decoding=\"async\" width=\"1024\" height=\"440\" src=\"https:\/\/suomenrehtorit.fi\/web\/wp-content\/uploads\/sites\/2\/2025\/05\/eshaLogo-1024x440.webp\" alt=\"\" class=\"wp-image-4686\" style=\"width:286px;height:auto\" srcset=\"https:\/\/suomenrehtorit.fi\/web\/wp-content\/uploads\/sites\/2\/2025\/05\/eshaLogo-1024x440.webp 1024w, https:\/\/suomenrehtorit.fi\/web\/wp-content\/uploads\/sites\/2\/2025\/05\/eshaLogo-300x129.webp 300w, https:\/\/suomenrehtorit.fi\/web\/wp-content\/uploads\/sites\/2\/2025\/05\/eshaLogo-768x330.webp 768w, https:\/\/suomenrehtorit.fi\/web\/wp-content\/uploads\/sites\/2\/2025\/05\/eshaLogo-252x108.webp 252w, https:\/\/suomenrehtorit.fi\/web\/wp-content\/uploads\/sites\/2\/2025\/05\/eshaLogo-522x224.webp 522w, https:\/\/suomenrehtorit.fi\/web\/wp-content\/uploads\/sites\/2\/2025\/05\/eshaLogo-792x341.webp 792w, https:\/\/suomenrehtorit.fi\/web\/wp-content\/uploads\/sites\/2\/2025\/05\/eshaLogo-1062x457.webp 1062w, https:\/\/suomenrehtorit.fi\/web\/wp-content\/uploads\/sites\/2\/2025\/05\/eshaLogo.webp 1200w\" sizes=\"auto, (max-width: 1024px) 100vw, 1024px\" \/><\/figure>\n\n\n\n<h2 class=\"wp-block-heading\">Euroopan rehtorij\u00e4rjest\u00f6 <a href=\"https:\/\/www.esha.org\/\">European School Heads Association<\/a> ESHA<\/h2>\n\n\n\n<ul class=\"wp-block-list\">\n<li>Eurooppalaisten yleissivist\u00e4vien koulujen rehtorij\u00e4rjest\u00f6jen kattoj\u00e4rjest\u00f6.<\/li>\n\n\n\n<li>J\u00e4rjest\u00e4\u00e4 j\u00e4senist\u00f6lleen koulutusta ja laatii koulutuspoliittisia suunnitelmia sek\u00e4 avaa kanavan eurooppalaisen rehtority\u00f6n osaamisen kehitt\u00e4miseen.<\/li>\n\n\n\n<li>Suomen Rehtorit ry toimii aktiivisesti ESHAssa. Rehtori Eeva Penttil\u00e4 on toiminut ESHAn puheenjohtajana ja SUREn pitk\u00e4aikainen puheenjohtaja Jorma Lempinen on toiminut ESHAn p\u00e4\u00e4sihteerin\u00e4. Jukka Kuittinen on toiminut ESHAn varapuheenjohtajana.<\/li>\n\n\n\n<li>ESHA:n kongressi j\u00e4rjestet\u00e4\u00e4n joka toinen vuosi. T\u00e4n\u00e4 vuonna se j\u00e4rjest\u00e4t\u00e4\u00e4n 29.-31.10. Roomassa, Italiassa.<\/li>\n<\/ul>\n\n\n\n<h2 class=\"wp-block-heading\">Pohjoismainen rehtorij\u00e4rjest\u00f6 Nordisk SkolledarForum NSF<\/h2>\n\n\n\n<ul class=\"wp-block-list\">\n<li>Kaikkien viiden Pohjoismaan rehtorij\u00e4rjest\u00f6jen yhteisty\u00f6organisaatio.<\/li>\n\n\n\n<li>Teht\u00e4v\u00e4n\u00e4 on yll\u00e4pit\u00e4\u00e4 ja kehitt\u00e4\u00e4 rehtoreiden pohjoismaista ammatillista yhteisty\u00f6t\u00e4.<\/li>\n\n\n\n<li>Tavoitteena on vaikuttaa Pohjoismaiden koulutuspoliittiseen kehitykseen mm. yhteisten selvitysten, periaateohjelmien, kannanottojen ja seminaarien avulla.<\/li>\n\n\n\n<li>NSF j\u00e4rjest\u00e4\u00e4 vuosittain pohjoismaisten rehtorij\u00e4rjest\u00f6jen johdossa olevien edustajien neuvottelup\u00e4iv\u00e4t vuorollaan kussakin Pohjoismaassa. Vuonna 2023 ne j\u00e4rjestettiin Suomessa.<\/li>\n<\/ul>\n\n\n\n<h2 class=\"wp-block-heading\">Pohjoismaisten opettajaj\u00e4rjest\u00f6jen yhteisty\u00f6neuvosto <a href=\"https:\/\/nls.info\/\">NLS<\/a><\/h2>\n\n\n\n<ul class=\"wp-block-list\">\n<li>NLS on pohjoismaisten opettajaj\u00e4rjest\u00f6jen yhteisty\u00f6elin. <\/li>\n\n\n\n<li>NLS:\u00e4\u00e4n kuuluu kuusitoista pohjoismaista j\u00e4rjest\u00f6\u00e4, jotka yhdess\u00e4 edustavat l\u00e4hes 600 000 opettajaa. <\/li>\n\n\n\n<li>NLS edist\u00e4\u00e4 j\u00e4senj\u00e4rjest\u00f6jen v\u00e4list\u00e4 vuorovaikutusta ja tukee opettajien edunvalvontaa ja opettajayhteisty\u00f6t\u00e4 pohjoismaiden kesken. <\/li>\n\n\n\n<li>Suomen Rehtorit ry osallistuu vuosittain NLS:n Ledarforumiin.<\/li>\n<\/ul>\n\n\n\n<figure class=\"wp-block-image size-large\"><img loading=\"lazy\" decoding=\"async\" width=\"1024\" height=\"683\" src=\"https:\/\/suomenrehtorit.fi\/web\/wp-content\/uploads\/sites\/2\/2023\/10\/university-5188610_1920-1024x683.jpg\" alt=\"\" class=\"wp-image-3716\" srcset=\"https:\/\/suomenrehtorit.fi\/web\/wp-content\/uploads\/sites\/2\/2023\/10\/university-5188610_1920-1024x683.jpg 1024w, https:\/\/suomenrehtorit.fi\/web\/wp-content\/uploads\/sites\/2\/2023\/10\/university-5188610_1920-300x200.jpg 300w, https:\/\/suomenrehtorit.fi\/web\/wp-content\/uploads\/sites\/2\/2023\/10\/university-5188610_1920-768x512.jpg 768w, https:\/\/suomenrehtorit.fi\/web\/wp-content\/uploads\/sites\/2\/2023\/10\/university-5188610_1920-252x168.jpg 252w, https:\/\/suomenrehtorit.fi\/web\/wp-content\/uploads\/sites\/2\/2023\/10\/university-5188610_1920-522x348.jpg 522w, https:\/\/suomenrehtorit.fi\/web\/wp-content\/uploads\/sites\/2\/2023\/10\/university-5188610_1920-792x528.jpg 792w, https:\/\/suomenrehtorit.fi\/web\/wp-content\/uploads\/sites\/2\/2023\/10\/university-5188610_1920-1062x708.jpg 1062w, https:\/\/suomenrehtorit.fi\/web\/wp-content\/uploads\/sites\/2\/2023\/10\/university-5188610_1920-1536x1024.jpg 1536w, https:\/\/suomenrehtorit.fi\/web\/wp-content\/uploads\/sites\/2\/2023\/10\/university-5188610_1920.jpg 1920w\" sizes=\"auto, (max-width: 1024px) 100vw, 1024px\" \/><\/figure>\n\n\n\n<h2 class=\"wp-block-heading\">KV-koulutustuki<\/h2>\n\n\n\n<p>Suomen Rehtorit ry:n j\u00e4senen\u00e4 sinulla on mahdollisuus hakea tukea kansainv\u00e4liseen koulutukseen. <a href=\"https:\/\/suomenrehtorit.fi\/extranet\/wp-login.php\">Lue lis\u00e4\u00e4 j\u00e4sensivuilta.<\/a><\/p>\n\n\n\n<figure class=\"wp-block-image size-full\"><img loading=\"lazy\" decoding=\"async\" width=\"526\" height=\"340\" src=\"https:\/\/suomenrehtorit.fi\/web\/wp-content\/uploads\/sites\/2\/2023\/10\/kaverit.jpg\" alt=\"\" class=\"wp-image-3720\" srcset=\"https:\/\/suomenrehtorit.fi\/web\/wp-content\/uploads\/sites\/2\/2023\/10\/kaverit.jpg 526w, https:\/\/suomenrehtorit.fi\/web\/wp-content\/uploads\/sites\/2\/2023\/10\/kaverit-300x194.jpg 300w, https:\/\/suomenrehtorit.fi\/web\/wp-content\/uploads\/sites\/2\/2023\/10\/kaverit-252x163.jpg 252w, https:\/\/suomenrehtorit.fi\/web\/wp-content\/uploads\/sites\/2\/2023\/10\/kaverit-522x337.jpg 522w\" sizes=\"auto, (max-width: 526px) 100vw, 526px\" \/><\/figure>\n\n\n\n<h2 class=\"wp-block-heading\">Global Principal Partnerships \u2013 international exchange program between Finland and Ontario 2026<\/h2>\n\n\n\n<p>Suomen Rehtorit ry:n j\u00e4senill\u00e4 on mahdollisuus hakeutua SUREn ja OPC:n &nbsp;j\u00e4rjest\u00e4m\u00e4\u00e4n kansainv\u00e4liseen rehtorivaihto (Job Shadowing) \u2013 ohjelmaan.<\/p>\n\n\n\n<p><a href=\"https:\/\/suomenrehtorit.fi\/extranet\/wp-login.php\">Lue lis\u00e4\u00e4 j\u00e4sensivuilta.<\/a><\/p>\n\n\n\n<p><\/p>\n","protected":false},"excerpt":{"rendered":"<p>Suomen Rehtorit ry on j\u00e4senen\u00e4 kolmessa kansainv\u00e4lisess\u00e4 j\u00e4rjest\u00f6ss\u00e4 ja osallistuu niiden p\u00e4\u00e4t\u00f6ksentekoon, vuosittaisiin kokouksiin ja konferensseihin. SURE:n j\u00e4senen\u00e4 olet my\u00f6s ICP:n ja ESHA:n j\u00e4sen. Maailman rehtorij\u00e4rjest\u00f6 International Confederation of Principals ICP Euroopan rehtorij\u00e4rjest\u00f6 European School Heads Association ESHA Pohjoismainen rehtorij\u00e4rjest\u00f6 Nordisk SkolledarForum NSF Pohjoismaisten opettajaj\u00e4rjest\u00f6jen yhteisty\u00f6neuvosto NLS KV-koulutustuki Suomen Rehtorit ry:n j\u00e4senen\u00e4 sinulla on mahdollisuus &#8230; <a title=\"Kansainv\u00e4lisyys\" class=\"read-more\" href=\"https:\/\/suomenrehtorit.fi\/web\/suomen-rehtorit-ry\/kansainvalisyys\/\" aria-label=\"Lue lis\u00e4\u00e4 aiheesta Kansainv\u00e4lisyys\">Lue lis\u00e4\u00e4<\/a><\/p>\n","protected":false},"author":2,"featured_media":0,"parent":274,"menu_order":0,"comment_status":"closed","ping_status":"closed","template":"","meta":{"_uag_custom_page_level_css":"","_mc_calendar":[],"footnotes":""},"class_list":["post-58","page","type-page","status-publish"],"uagb_featured_image_src":{"full":false,"thumbnail":false,"medium":false,"medium_large":false,"large":false,"magazine-cw3":false,"magazine-cw6":false,"magazine-cw9":false,"magazine-cw12":false,"magazine-thumb":false,"magazine-toc":false,"1536x1536":false,"2048x2048":false,"gform-image-choice-sm":false,"gform-image-choice-md":false,"gform-image-choice-lg":false},"uagb_author_info":{"display_name":"Miira Tirkkonen","author_link":"https:\/\/suomenrehtorit.fi\/web\/author\/miirat\/"},"uagb_comment_info":0,"uagb_excerpt":"Suomen Rehtorit ry on j\u00e4senen\u00e4 kolmessa kansainv\u00e4lisess\u00e4 j\u00e4rjest\u00f6ss\u00e4 ja osallistuu niiden p\u00e4\u00e4t\u00f6ksentekoon, vuosittaisiin kokouksiin ja konferensseihin. SURE:n j\u00e4senen\u00e4 olet my\u00f6s ICP:n ja ESHA:n j\u00e4sen. Maailman rehtorij\u00e4rjest\u00f6 International Confederation of Principals ICP Euroopan rehtorij\u00e4rjest\u00f6 European School Heads Association ESHA Pohjoismainen rehtorij\u00e4rjest\u00f6 Nordisk SkolledarForum NSF Pohjoismaisten opettajaj\u00e4rjest\u00f6jen yhteisty\u00f6neuvosto NLS KV-koulutustuki Suomen Rehtorit ry:n j\u00e4senen\u00e4 sinulla on mahdollisuus&hellip;","_links":{"self":[{"href":"https:\/\/suomenrehtorit.fi\/web\/wp-json\/wp\/v2\/pages\/58","targetHints":{"allow":["GET"]}}],"collection":[{"href":"https:\/\/suomenrehtorit.fi\/web\/wp-json\/wp\/v2\/pages"}],"about":[{"href":"https:\/\/suomenrehtorit.fi\/web\/wp-json\/wp\/v2\/types\/page"}],"author":[{"embeddable":true,"href":"https:\/\/suomenrehtorit.fi\/web\/wp-json\/wp\/v2\/users\/2"}],"replies":[{"embeddable":true,"href":"https:\/\/suomenrehtorit.fi\/web\/wp-json\/wp\/v2\/comments?post=58"}],"version-history":[{"count":20,"href":"https:\/\/suomenrehtorit.fi\/web\/wp-json\/wp\/v2\/pages\/58\/revisions"}],"predecessor-version":[{"id":4877,"href":"https:\/\/suomenrehtorit.fi\/web\/wp-json\/wp\/v2\/pages\/58\/revisions\/4877"}],"up":[{"embeddable":true,"href":"https:\/\/suomenrehtorit.fi\/web\/wp-json\/wp\/v2\/pages\/274"}],"wp:attachment":[{"href":"https:\/\/suomenrehtorit.fi\/web\/wp-json\/wp\/v2\/media?parent=58"}],"curies":[{"name":"wp","href":"https:\/\/api.w.org\/{rel}","templated":true}]}}